{"id":1434,"date":"2020-12-16T14:40:26","date_gmt":"2020-12-16T13:40:26","guid":{"rendered":"https:\/\/fulviasteardofermiart.it\/?page_id=1434"},"modified":"2023-03-30T21:35:00","modified_gmt":"2023-03-30T19:35:00","slug":"eulogies","status":"publish","type":"page","link":"https:\/\/fulviasteardofermiart.it\/en\/eulogies\/","title":{"rendered":"Eulogies"},"content":{"rendered":"<p>[et_pb_section fb_built=&#8221;1&#8243; custom_padding_last_edited=&#8221;off|desktop&#8221; admin_label=&#8221;Header&#8221; _builder_version=&#8221;4.16&#8243; background_color_gradient_direction=&#8221;188deg&#8221; background_image=&#8221;https:\/\/fulviasteardofermiart.it\/wp-content\/uploads\/2020\/03\/art-gallery-55.jpg&#8221; background_size=&#8221;initial&#8221; background_repeat=&#8221;repeat&#8221; width=&#8221;100%&#8221; custom_padding_tablet=&#8221;5vw||5vw||true&#8221; global_colors_info=&#8221;{}&#8221;][et_pb_row column_structure=&#8221;1_2,1_2&#8243; make_equal=&#8221;on&#8221; custom_padding_last_edited=&#8221;off|phone&#8221; _builder_version=&#8221;4.16&#8243; background_position=&#8221;bottom_center&#8221; custom_padding_tablet=&#8221;17vw||17vw||false&#8221; custom_css_main_element=&#8221;align-items: center;&#8221; use_custom_width=&#8221;on&#8221; width_unit=&#8221;off&#8221; custom_width_percent=&#8221;100%&#8221; locked=&#8221;off&#8221; global_colors_info=&#8221;{}&#8221;][et_pb_column type=&#8221;1_2&#8243; _builder_version=&#8221;4.16&#8243; custom_padding=&#8221;|||&#8221; global_colors_info=&#8221;{}&#8221; custom_padding__hover=&#8221;|||&#8221;][et_pb_text _builder_version=&#8221;4.16&#8243; text_font=&#8221;||||||||&#8221; header_font=&#8221;||||||||&#8221; header_2_font=&#8221;Prata|500|||||||&#8221; header_2_text_align=&#8221;left&#8221; header_2_text_color=&#8221;#4a3f86&#8243; header_2_font_size=&#8221;56px&#8221; header_2_line_height=&#8221;1.3em&#8221; transform_translate_linked=&#8221;off&#8221; max_width=&#8221;100%&#8221; animation_style=&#8221;flip&#8221; animation_delay=&#8221;100ms&#8221; header_2_font_size_tablet=&#8221;40px&#8221; header_2_font_size_phone=&#8221;26px&#8221; header_2_font_size_last_edited=&#8221;on|desktop&#8221; global_colors_info=&#8221;{}&#8221;]<\/p>\n<h2>Eulogies<\/h2>\n<p>[\/et_pb_text][\/et_pb_column][et_pb_column type=&#8221;1_2&#8243; _builder_version=&#8221;4.16&#8243; custom_padding=&#8221;|||&#8221; global_colors_info=&#8221;{}&#8221; custom_padding__hover=&#8221;|||&#8221;][et_pb_text _builder_version=&#8221;4.16&#8243; text_font=&#8221;||||||||&#8221; text_text_color=&#8221;#676280&#8243; text_font_size=&#8221;12px&#8221; text_line_height=&#8221;2em&#8221; link_font=&#8221;||||on||||&#8221; link_text_color=&#8221;#666666&#8243; header_font=&#8221;||||||||&#8221; header_text_align=&#8221;left&#8221; header_3_font=&#8221;|700||on|||||&#8221; header_3_text_color=&#8221;#4a3f86&#8243; header_3_font_size=&#8221;12px&#8221; header_3_letter_spacing=&#8221;5px&#8221; header_3_line_height=&#8221;1.8em&#8221; text_orientation=&#8221;right&#8221; animation_style=&#8221;slide&#8221; animation_delay=&#8221;200ms&#8221; header_3_font_size_tablet=&#8221;&#8221; header_3_font_size_phone=&#8221;&#8221; header_3_font_size_last_edited=&#8221;on|desktop&#8221; locked=&#8221;off&#8221; global_colors_info=&#8221;{}&#8221;]<\/p>\n<h3><\/h3>\n<p>A showcase abou the education, the style<br \/>\nand the life of\u00a0Fulvia Steardo Fermi[\/et_pb_text][\/et_pb_column][\/et_pb_row][et_pb_row _builder_version=&#8221;4.16&#8243; global_colors_info=&#8221;{}&#8221;][et_pb_column type=&#8221;4_4&#8243; _builder_version=&#8221;4.16&#8243; custom_padding=&#8221;|||&#8221; global_colors_info=&#8221;{}&#8221; custom_padding__hover=&#8221;|||&#8221;][et_pb_text _builder_version=&#8221;4.16&#8243; text_font=&#8221;||||||||&#8221; header_font=&#8221;||||||||&#8221; header_2_font=&#8221;Prata|500|||||||&#8221; header_2_text_align=&#8221;center&#8221; header_2_text_color=&#8221;#4a3f86&#8243; header_2_font_size=&#8221;56px&#8221; header_2_line_height=&#8221;1.3em&#8221; header_3_font=&#8221;|700||on|||||&#8221; header_3_text_align=&#8221;center&#8221; header_3_text_color=&#8221;#b3a22e&#8221; header_3_font_size=&#8221;12px&#8221; header_3_letter_spacing=&#8221;5px&#8221; header_3_line_height=&#8221;2em&#8221; transform_translate_linked=&#8221;off&#8221; max_width=&#8221;80%&#8221; max_width_tablet=&#8221;70%&#8221; max_width_last_edited=&#8221;off|phone&#8221; module_alignment=&#8221;center&#8221; animation_style=&#8221;fade&#8221; animation_delay=&#8221;350ms&#8221; header_2_font_size_tablet=&#8221;40px&#8221; header_2_font_size_phone=&#8221;26px&#8221; header_2_font_size_last_edited=&#8221;on|phone&#8221; header_3_font_size_phone=&#8221;10px&#8221; header_3_font_size_last_edited=&#8221;off|desktop&#8221; module_alignment_last_edited=&#8221;off|desktop&#8221; locked=&#8221;off&#8221; global_colors_info=&#8221;{}&#8221;]<\/p>\n<h3>GALLERY<\/h3>\n<p>[\/et_pb_text][dmg_masonry_gallery _builder_version=&#8221;4.20.2&#8243; _module_preset=&#8221;default&#8221; columns_last_edited=&#8221;on|phone&#8221; hover_enabled=&#8221;0&#8243; sticky_enabled=&#8221;0&#8243; columns_tablet=&#8221;2&#8243; columns_phone=&#8221;1&#8243; randomize=&#8221;on&#8221; modal_background_color=&#8221;rgba(74,63,134,0.8)&#8221; zoom_icon_color=&#8221;#FFFFFF&#8221; hover_overlay_color=&#8221;rgba(74,63,134,0.8)&#8221; hover_icon=&#8221;&#x54;||divi||400&#8243; locked=&#8221;off&#8221; gallery=&#8221;2232,2168,2064,2062,2060,2058,1715,1408,1358,1352,1350&#8243;][\/dmg_masonry_gallery][\/et_pb_column][\/et_pb_row][et_pb_row disabled_on=&#8221;on|on|on&#8221; _builder_version=&#8221;4.16&#8243; disabled=&#8221;on&#8221; locked=&#8221;off&#8221; global_colors_info=&#8221;{}&#8221;][et_pb_column type=&#8221;4_4&#8243; _builder_version=&#8221;4.16&#8243; custom_padding=&#8221;|||&#8221; global_colors_info=&#8221;{}&#8221; custom_padding__hover=&#8221;|||&#8221;][et_pb_text _builder_version=&#8221;4.16&#8243; text_font=&#8221;||||||||&#8221; header_font=&#8221;||||||||&#8221; header_2_font=&#8221;Prata|500|||||||&#8221; header_2_text_align=&#8221;center&#8221; header_2_text_color=&#8221;#4a3f86&#8243; header_2_font_size=&#8221;56px&#8221; header_2_line_height=&#8221;1.3em&#8221; header_3_font=&#8221;|700||on|||||&#8221; header_3_text_align=&#8221;center&#8221; header_3_text_color=&#8221;#b3a22e&#8221; header_3_font_size=&#8221;12px&#8221; header_3_letter_spacing=&#8221;5px&#8221; header_3_line_height=&#8221;2em&#8221; transform_translate_linked=&#8221;off&#8221; max_width=&#8221;80%&#8221; module_alignment=&#8221;center&#8221; animation_style=&#8221;fade&#8221; animation_delay=&#8221;350ms&#8221; header_2_font_size_tablet=&#8221;40px&#8221; header_2_font_size_phone=&#8221;26px&#8221; header_2_font_size_last_edited=&#8221;on|phone&#8221; locked=&#8221;off&#8221; global_colors_info=&#8221;{}&#8221;]<\/p>\n<h3>CRITICISM<\/h3>\n<p>[\/et_pb_text][et_pb_testimonial author=&#8221;Monia Malinpensa&#8221; job_title=&#8221;Art director &#8211; Giornalista&#8221; company_name=&#8221;Galleria d&#8217;Arte Malinpensa&#8221; portrait_url=&#8221;https:\/\/fulviasteardofermiart.it\/wp-content\/uploads\/2020\/12\/Monia_Malimpensa.jpg&#8221; quote_icon=&#8221;off&#8221; quote_icon_color=&#8221;#4a3f86&#8243; quote_icon_background_color=&#8221;#ffffff&#8221; _builder_version=&#8221;4.16&#8243; author_text_color=&#8221;#4a3f86&#8243; background_color=&#8221;#ffffff&#8221; border_radii=&#8221;on|30px|30px|30px|30px&#8221; border_width_all=&#8221;2px&#8221; border_color_all=&#8221;#4a3f86&#8243; border_width_top=&#8221;0px&#8221; global_colors_info=&#8221;{}&#8221;]<\/p>\n<p>L\u2019energia della materia si traduce in pura emozione.<br \/> Quella di Fulvia Steardo Fermi \u00e8 un\u2019espressione pittorica di straordinaria scansione formale sempre tesa a stupirci, dove la gestualit\u00e0 dinamica del segno e l\u2019immediatezza della resa materica, traducono un concetto astratto ricco di una notevole ricerca sia estetica che interiore. Ampie e larghe pennellate, di solida intensit\u00e0 espressiva, vivono nell\u2019opera con chiare valenze simboliche trasformando l\u2019immagine e la percezione visiva in un processo di creazione di grande talento. Tracce di ricordi, di vissuto e di fantasia lasciano un contrassegno al suo iter fortemente evocativo che penetra nell\u2019intimo del fruitore. L\u2019interpretativa dell\u2019artista Fulvia Steardo Fermi \u00e8\u2019 un susseguirsi di segni, forme e colori che si innestano con estrema forza su affascinanti campi ottici intrisi di immensa energia che spaziano in un linguaggio pittorico-informale denso di indipendente stile. La serie della metropoli diventa pura espressione di rigore spaziale e cadenze ritmiche del colore che vibrano sulla tela con un proprio spazio simbolico, un\u2019emozionante dinamismo e una libera sintesi formale. Tra le prospettiche volumetrie e le suggestive componenti cromatiche nasce il lessico dell\u2019artista Fulvia Steardo Fermi, che dichiara identit\u00e0 moderna, viene sempre rielaborato con una struttura originale. Lo sviluppo della sperimentazione materica, di notevole consistenza e o personalit\u00e0, delinea un\u2019autonoma astrazione in coerente evoluzione.<\/p>\n<p>[\/et_pb_testimonial][et_pb_testimonial author=&#8221;Luigi Cerruti&#8221; job_title=&#8221;Presidente&#8221; company_name=&#8221;Associazione Culturale Varaggio Art&#8221; portrait_url=&#8221;https:\/\/fulviasteardofermiart.it\/wp-content\/uploads\/2020\/12\/luigicerruti.jpg&#8221; quote_icon=&#8221;off&#8221; quote_icon_color=&#8221;#4a3f86&#8243; quote_icon_background_color=&#8221;#ffffff&#8221; _builder_version=&#8221;4.16&#8243; author_text_color=&#8221;#4a3f86&#8243; background_color=&#8221;#ffffff&#8221; border_radii=&#8221;on|30px|30px|30px|30px&#8221; border_width_all=&#8221;2px&#8221; border_color_all=&#8221;#4a3f86&#8243; border_width_top=&#8221;0px&#8221; global_colors_info=&#8221;{}&#8221;]<\/p>\n<p>Codificazione di un linguaggio astratto del tutto originale<br \/> Osservando un\u2019opera artistica di Fulvia Steardo Fermi c\u2019\u00e8 la conferma che un valido artista possiede oltre ad una personale ricchezza spirituale ed emozionale, una profonda professionalit\u00e0 nell\u2019atto creativo che deriva da una forte personalit\u00e0 e un talento estroso e innato.<br \/> I lavori di Fulvia Steardo Fermi si caratterizzano per una ricerca tesa alla codificazione di un linguaggio astratto del tutto originale.<br \/> La sua espressivit\u00e0 pittorica \u00e8 totale emanazione di luce e si percepisce una rappresentazione descritta con poetica sensualit\u00e0.<br \/> \u00c8 un lessico che prevede l\u2019inserimento di espressivit\u00e0 trasfigurate nei colori e nei contorni ma riconoscibili come schegge di un tessuto compositivo complesso, dove si moltiplicano e si intersecano innumerevoli piani pittorici.<br \/> Grazie anche a un potente cromatismo che nasce da una ricerca attenta, precisa e scrupolosa riesce a mettere in risalto la funzione cognitiva dell\u2019istinto, che insieme alla capacit\u00e0 posseduta del puro segno e del colore, trasmettono forti emozioni al fruitore.<br \/> Il suo estro \u00e8 naturale, come un gesto di aiuto che con generosit\u00e0 spontanea sa donare alla collettivit\u00e0 e si sofferma in quella suggestiva visione della passione che gli sta attorno, cogliendo nella profondit\u00e0 del suo animo l\u2019essenza spirituale delle composizioni, rappresentate con un risultato che emotivamente ci appaga.<br \/> La forza centrifuga delle espressioni viene poi accentuata dalle scelte cromatiche dell\u2019artista, sfidando l\u2019osservatore a spingersi oltre la rappresentazione per codificare pulsioni profonde, che sarebbero altrimenti celate.<br \/> Nella loro compiutezza poetica ed espressiva i lavori di Fulvia Steardo Fermi aderiscono a una ricerca del tutto contemporanea, inserendosi nelle correnti artistiche europee dell\u2019informale lirico.<br \/> Le linee di colore si intrecciano in un ordito fitto tendente a esorbitare dai limiti dello spazio pittorico tramite tonalismi che si sovrappongono e si declinano in sfumature allineate e a contrasti decisi.<br \/> L\u2019artista ha un tratto arioso, che si muove secondo traiettorie geometriche alternate a elementi che si sviluppano in modo meno lineare che descrivono ritmi dinamici carichi di intensit\u00e0 espressiva.<br \/> Fulvia Steardo Fermi possiede la conoscenza e l\u2019uso di tecniche diverse ma sperimenta con successo nella resa pittorica una sua personale tecnica.<br \/> Le composizioni di Fulvia Steardo Fermi sono caratterizzate da un continuo ricercare, affrontando diversi campi visivi e pittorici, nulla \u00e8 a caso, tutto si svolge dietro un\u2019attenta regia di un\u2019artista la cui \u2018Mano\u2019 manovra a suo piacimento l\u2019intero lavoro, accostando luci, linee e colori.<br \/> Continuando a scavare il suo solco artistico, Fulvia Steardo Fermi pu\u00f2 elevarsi, per creare un suo preciso stile ben definito e di successo.<\/p>\n<p>[\/et_pb_testimonial][et_pb_testimonial author=&#8221;Patrizia Stefani&#8221; company_name=&#8221;Spoleto Arte&#8221; portrait_url=&#8221;https:\/\/fulviasteardofermiart.it\/wp-content\/uploads\/2020\/12\/patriziastefani.jpg&#8221; quote_icon=&#8221;off&#8221; quote_icon_color=&#8221;#4a3f86&#8243; quote_icon_background_color=&#8221;#ffffff&#8221; _builder_version=&#8221;4.16&#8243; author_text_color=&#8221;#4a3f86&#8243; background_color=&#8221;#ffffff&#8221; border_radii=&#8221;on|30px|30px|30px|30px&#8221; border_width_all=&#8221;2px&#8221; border_color_all=&#8221;#4a3f86&#8243; border_width_top=&#8221;0px&#8221; global_colors_info=&#8221;{}&#8221;]<\/p>\n<p>Il Comitato di Spoleto Arte si complimenta per la sua produzione artistica dove si percepisce lo studio sui colori; queste mappature portano l\u2019osservatore ad interpretare le simbologie in esso contenute, il colore diventa dunque un chiaro percorso da seguire, allietando l\u2019osservatore con sensazioni calde e armoniose.<\/p>\n<p>[\/et_pb_testimonial][et_pb_testimonial author=&#8221;Secolo XIX Levante&#8221; portrait_url=&#8221;https:\/\/fulviasteardofermiart.it\/wp-content\/uploads\/2020\/12\/secoloxix.jpg&#8221; quote_icon=&#8221;off&#8221; quote_icon_color=&#8221;#4a3f86&#8243; quote_icon_background_color=&#8221;#ffffff&#8221; _builder_version=&#8221;4.16&#8243; author_text_color=&#8221;#4a3f86&#8243; background_color=&#8221;#ffffff&#8221; border_radii=&#8221;on|30px|30px|30px|30px&#8221; border_width_all=&#8221;2px&#8221; border_color_all=&#8221;#4a3f86&#8243; border_width_top=&#8221;0px&#8221; global_colors_info=&#8221;{}&#8221;]<\/p>\n<p>Fulvia Steardo Fermi, noto avvocato chiavarese, rivela la propria vocazione artistica in Arte Genova, la mostra d\u2019arte moderna e contemporanea in corso alla Fiera del Mare. Sino al 17 febbraio sar\u00e0 possibile visitare la mostra pittorica firmata da Steardo Fermi. \u2018Il disegno e l\u2019uso dei colori sono sempre stati il lei motiv della mia esistenza con lunghi periodi di blocco totale\u2019. Il suo percorso artistico \u00e8 iniziato nell\u2019infanzia, ha frequentato prima l\u2019Accademia d\u2019Arte Albertina e poi l\u2019Istituto Artistico Paul Klee, ma successivamente si \u00e8 iscritta al corso di laurea in Giurisprudenza, che le ha consentito di esercitare la professione di avvocato, ad oggi cassazionista. Ma l\u2019amore per l\u2019arte non si \u00e8 mai estinto e ora torna prepotente.<\/p>\n<p>[\/et_pb_testimonial][et_pb_testimonial author=&#8221;Galleria Malinpensa&#8221; portrait_url=&#8221;https:\/\/fulviasteardofermiart.it\/wp-content\/uploads\/2020\/12\/malinpensa.jpg&#8221; quote_icon=&#8221;off&#8221; quote_icon_color=&#8221;#4a3f86&#8243; quote_icon_background_color=&#8221;#ffffff&#8221; _builder_version=&#8221;4.16&#8243; author_text_color=&#8221;#4a3f86&#8243; background_color=&#8221;#ffffff&#8221; border_radii=&#8221;on|30px|30px|30px|30px&#8221; border_width_all=&#8221;2px&#8221; border_color_all=&#8221;#4a3f86&#8243; border_width_top=&#8221;0px&#8221; global_colors_info=&#8221;{}&#8221;]<\/p>\n<p>L\u2019interpretativa di Fulvia Steardo Fermi \u00e8 un susseguirsi di segni, forme e colori che si innestano con estrema forza su affascinanti campi ottici intrisi di immensa energia.<br \/> Si tratta di un\u2019arte fortemente interiorizzata che si accentua nel profondo e che ci trasmette stati d\u2019animo continui all\u2019insegna di una propria realt\u00e0 astrattistica che raggiunge il profondo dell\u2019interiore di ciascuno che osserva le sue opere.<\/p>\n<p>[\/et_pb_testimonial][et_pb_testimonial author=&#8221;Salvo Nugnes&#8221; job_title=&#8221;Curatore&#8221; company_name=&#8221;Pro Biennale&#8221; portrait_url=&#8221;https:\/\/fulviasteardofermiart.it\/wp-content\/uploads\/2020\/12\/salvonugnes.jpg&#8221; quote_icon=&#8221;off&#8221; quote_icon_color=&#8221;#4a3f86&#8243; quote_icon_background_color=&#8221;#ffffff&#8221; _builder_version=&#8221;4.16&#8243; author_text_color=&#8221;#4a3f86&#8243; background_color=&#8221;#ffffff&#8221; border_radii=&#8221;on|30px|30px|30px|30px&#8221; border_width_all=&#8221;2px&#8221; border_color_all=&#8221;#4a3f86&#8243; border_width_top=&#8221;0px&#8221; global_colors_info=&#8221;{}&#8221;]<\/p>\n<p>Si scopre di rimirare un\u2019opera astratta con compiaciuta meraviglia quando i canoni di ordine ed equilibrio si sposano con quelli di un\u2019esigenza espressiva riversatasi in un colore pieno, avvolgente, e in una fabulazione interiore, simbolica. Fulvia Steardo Fermi compie l\u2019incantesimo con sublime delicatezza compositiva, generando nuove visioni che emergono da una rivisitazione intima del proprio sentire e percepire la realt\u00e0. Tenendosi alle spalle gli insegnamenti di Paul Klee, l\u2019artista si muove con la consapevolezza di chi lascer\u00e0 traccia del proprio stile, del proprio punto di vista sul mondo, creazione dopo creazione.<\/p>\n<p>[\/et_pb_testimonial][et_pb_testimonial author=&#8221;Monia Malinpensa&#8221; job_title=&#8221;Art directos &#8211; Giornalista&#8221; company_name=&#8221;Galleria d&#8217;Arte Malinpensa&#8221; portrait_url=&#8221;https:\/\/fulviasteardofermiart.it\/wp-content\/uploads\/2020\/12\/Monia_Malimpensa.jpg&#8221; quote_icon=&#8221;off&#8221; quote_icon_color=&#8221;#4a3f86&#8243; quote_icon_background_color=&#8221;#ffffff&#8221; _builder_version=&#8221;4.16&#8243; author_text_color=&#8221;#4a3f86&#8243; background_color=&#8221;#ffffff&#8221; border_radii=&#8221;on|30px|30px|30px|30px&#8221; border_width_all=&#8221;2px&#8221; border_color_all=&#8221;#4a3f86&#8243; border_width_top=&#8221;0px&#8221; global_colors_info=&#8221;{}&#8221;]<\/p>\n<p>Il tratto vitale, gli effetti di luce-colore e la resa formale unica, costituiscono una ricerca pittorica individuale carica di istinto e di passione.<\/p>\n<p>[\/et_pb_testimonial][\/et_pb_column][\/et_pb_row][\/et_pb_section][et_pb_section fb_built=&#8221;1&#8243; admin_label=&#8221;Footer&#8221; _builder_version=&#8221;4.16&#8243; background_size=&#8221;initial&#8221; background_repeat=&#8221;repeat-y&#8221; custom_padding=&#8221;0px||0px|||&#8221; global_module=&#8221;1759&#8243; saved_tabs=&#8221;all&#8221; locked=&#8221;off&#8221; global_colors_info=&#8221;{}&#8221;][et_pb_row column_structure=&#8221;1_4,1_4,1_4,1_4&#8243; use_custom_gutter=&#8221;on&#8221; gutter_width=&#8221;2&#8243; _builder_version=&#8221;4.16&#8243; custom_padding=&#8221;80px||80px||true|&#8221; animation_style=&#8221;slide&#8221; border_color_all=&#8221;#ffee75&#8243; border_width_top=&#8221;2px&#8221; global_colors_info=&#8221;{}&#8221; header_3_font_size_last_edited=&#8221;on|desktop&#8221;][et_pb_column type=&#8221;1_4&#8243; _builder_version=&#8221;4.16&#8243; custom_padding=&#8221;|||&#8221; animation_style=&#8221;slide&#8221; global_colors_info=&#8221;{}&#8221; custom_padding__hover=&#8221;|||&#8221;][et_pb_text _builder_version=&#8221;4.16&#8243; text_font=&#8221;||||||||&#8221; text_text_color=&#8221;#676280&#8243; text_font_size=&#8221;12px&#8221; text_line_height=&#8221;2em&#8221; link_font=&#8221;||||on||||&#8221; link_text_color=&#8221;#666666&#8243; header_font=&#8221;||||||||&#8221; header_text_align=&#8221;left&#8221; header_3_font=&#8221;|700||on|||||&#8221; header_3_text_color=&#8221;#4a3f86&#8243; header_3_font_size=&#8221;12px&#8221; header_3_letter_spacing=&#8221;5px&#8221; header_3_line_height=&#8221;1.8em&#8221; text_orientation=&#8221;center&#8221; header_3_font_size_tablet=&#8221;&#8221; header_3_font_size_phone=&#8221;&#8221; header_3_font_size_last_edited=&#8221;on|desktop&#8221; locked=&#8221;off&#8221; global_colors_info=&#8221;{}&#8221;]<\/p>\n<h3>Contacts<\/h3>\n<p>info@fulviasteardofermiart.it<br \/> +39 331.6130201<\/p>\n<p>[\/et_pb_text][et_pb_button button_url=&#8221;\/en\/contatti#form-map&#8221; button_text=&#8221;Write a line&#8221; button_alignment=&#8221;center&#8221; _builder_version=&#8221;4.16&#8243; custom_button=&#8221;on&#8221; button_text_size=&#8221;12px&#8221; button_text_color=&#8221;#a08fff&#8221; button_bg_color=&#8221;rgba(0,0,0,0)&#8221; button_border_width=&#8221;0px&#8221; button_border_radius=&#8221;0px&#8221; button_font=&#8221;|700|||||||&#8221; custom_padding=&#8221;6px|0px|6px|0px|true|true&#8221; box_shadow_style=&#8221;preset4&#8243; box_shadow_horizontal=&#8221;0px&#8221; box_shadow_vertical=&#8221;-1px&#8221; box_shadow_color=&#8221;#a08fff&#8221; box_shadow_position=&#8221;inner&#8221; locked=&#8221;off&#8221; global_colors_info=&#8221;{}&#8221;][\/et_pb_button][\/et_pb_column][et_pb_column type=&#8221;1_4&#8243; _builder_version=&#8221;4.16&#8243; custom_padding=&#8221;|||&#8221; animation_style=&#8221;slide&#8221; animation_delay=&#8221;300ms&#8221; global_colors_info=&#8221;{}&#8221; custom_padding__hover=&#8221;|||&#8221;][et_pb_text _builder_version=&#8221;4.16&#8243; text_font=&#8221;||||||||&#8221; text_text_color=&#8221;#676280&#8243; text_font_size=&#8221;12px&#8221; text_line_height=&#8221;2em&#8221; link_font=&#8221;||||on||||&#8221; link_text_color=&#8221;#666666&#8243; header_font=&#8221;||||||||&#8221; header_text_align=&#8221;left&#8221; header_3_font=&#8221;|700||on|||||&#8221; header_3_text_color=&#8221;#4a3f86&#8243; header_3_font_size=&#8221;12px&#8221; header_3_letter_spacing=&#8221;5px&#8221; header_3_line_height=&#8221;1.8em&#8221; text_orientation=&#8221;center&#8221; header_3_font_size_tablet=&#8221;&#8221; header_3_font_size_phone=&#8221;&#8221; header_3_font_size_last_edited=&#8221;on|desktop&#8221; locked=&#8221;off&#8221; global_colors_info=&#8221;{}&#8221;]<\/p>\n<h3>Atelier<\/h3>\n<p>Santa Margherita Ligure, Liguria<br \/>Treviso, Veneto<\/p>\n<p>[\/et_pb_text][et_pb_button button_url=&#8221;\/en\/contatti#form-map&#8221; button_text=&#8221;Show on map&#8221; button_alignment=&#8221;center&#8221; _builder_version=&#8221;4.16&#8243; custom_button=&#8221;on&#8221; button_text_size=&#8221;12px&#8221; button_text_color=&#8221;#a08fff&#8221; button_bg_color=&#8221;rgba(0,0,0,0)&#8221; button_border_width=&#8221;0px&#8221; button_border_radius=&#8221;0px&#8221; button_font=&#8221;|700|||||||&#8221; custom_padding=&#8221;6px|0px|6px|0px|true|true&#8221; box_shadow_style=&#8221;preset4&#8243; box_shadow_horizontal=&#8221;0px&#8221; box_shadow_vertical=&#8221;-1px&#8221; box_shadow_color=&#8221;#a08fff&#8221; box_shadow_position=&#8221;inner&#8221; locked=&#8221;off&#8221; global_colors_info=&#8221;{}&#8221;][\/et_pb_button][\/et_pb_column][et_pb_column type=&#8221;1_4&#8243; _builder_version=&#8221;4.16&#8243; custom_padding=&#8221;|||&#8221; animation_style=&#8221;slide&#8221; animation_delay=&#8221;600ms&#8221; global_colors_info=&#8221;{}&#8221; custom_padding__hover=&#8221;|||&#8221;][et_pb_text _builder_version=&#8221;4.16&#8243; text_font=&#8221;||||||||&#8221; text_text_color=&#8221;#676280&#8243; text_font_size=&#8221;12px&#8221; text_line_height=&#8221;2em&#8221; link_font=&#8221;||||on||||&#8221; link_text_color=&#8221;#666666&#8243; header_font=&#8221;||||||||&#8221; header_text_align=&#8221;left&#8221; header_3_font=&#8221;|700||on|||||&#8221; header_3_text_color=&#8221;#4a3f86&#8243; header_3_font_size=&#8221;12px&#8221; header_3_letter_spacing=&#8221;5px&#8221; header_3_line_height=&#8221;1.8em&#8221; text_orientation=&#8221;center&#8221; header_3_font_size_tablet=&#8221;&#8221; header_3_font_size_phone=&#8221;&#8221; header_3_font_size_last_edited=&#8221;on|desktop&#8221; locked=&#8221;off&#8221; global_colors_info=&#8221;{}&#8221;]<\/p>\n<h3>Photo<\/h3>\n<p><a href=\"\/en\/galleria\">Browse the photogallery<\/a>[\/et_pb_text][et_pb_text _builder_version=&#8221;4.16&#8243; text_font=&#8221;||||||||&#8221; text_text_color=&#8221;#676280&#8243; text_font_size=&#8221;12px&#8221; text_line_height=&#8221;2em&#8221; link_font=&#8221;||||on||||&#8221; link_text_color=&#8221;#666666&#8243; header_font=&#8221;||||||||&#8221; header_text_align=&#8221;left&#8221; header_3_font=&#8221;|700||on|||||&#8221; header_3_text_color=&#8221;#4a3f86&#8243; header_3_font_size=&#8221;12px&#8221; header_3_letter_spacing=&#8221;5px&#8221; header_3_line_height=&#8221;1.8em&#8221; text_orientation=&#8221;center&#8221; header_3_font_size_tablet=&#8221;&#8221; header_3_font_size_phone=&#8221;&#8221; header_3_font_size_last_edited=&#8221;on|desktop&#8221; locked=&#8221;off&#8221; global_colors_info=&#8221;{}&#8221;]<\/p>\n<h3>Social<\/h3>\n<p>[\/et_pb_text][et_pb_social_media_follow icon_color=&#8221;#676280&#8243; _builder_version=&#8221;4.16&#8243; text_orientation=&#8221;center&#8221; custom_margin=&#8221;-20px|||-10px&#8221; custom_margin_tablet=&#8221;&#8221; custom_margin_phone=&#8221;-20px||&#8221; custom_margin_last_edited=&#8221;on|desktop&#8221; locked=&#8221;off&#8221; global_colors_info=&#8221;{}&#8221; icon_color__hover=&#8221;#e02b20&#8243;][et_pb_social_media_follow_network social_network=&#8221;instagram&#8221; url=&#8221;https:\/\/www.instagram.com\/steardofermiart\/&#8221; _builder_version=&#8221;4.16&#8243; global_colors_info=&#8221;{}&#8221; follow_button=&#8221;off&#8221; url_new_window=&#8221;on&#8221;]instagram[\/et_pb_social_media_follow_network][\/et_pb_social_media_follow][\/et_pb_column][et_pb_column type=&#8221;1_4&#8243; _builder_version=&#8221;4.16&#8243; animation_style=&#8221;slide&#8221; animation_delay=&#8221;900ms&#8221; global_colors_info=&#8221;{}&#8221;][et_pb_image src=&#8221;https:\/\/fulviasteardofermiart.it\/wp-content\/uploads\/2020\/03\/logopurple.png&#8221; align=&#8221;center&#8221; _builder_version=&#8221;4.16&#8243; width=&#8221;65%&#8221; module_alignment=&#8221;center&#8221; global_colors_info=&#8221;{}&#8221;][\/et_pb_image][\/et_pb_column][\/et_pb_row][et_pb_row use_custom_gutter=&#8221;on&#8221; gutter_width=&#8221;2&#8243; _builder_version=&#8221;4.16&#8243; module_alignment=&#8221;center&#8221; animation_style=&#8221;slide&#8221; animation_delay=&#8221;900ms&#8221; border_color_all=&#8221;#ffee75&#8243; border_width_top=&#8221;2px&#8221; global_colors_info=&#8221;{}&#8221; header_3_font_size_last_edited=&#8221;on|desktop&#8221;][et_pb_column type=&#8221;4_4&#8243; _builder_version=&#8221;4.16&#8243; custom_padding=&#8221;|||&#8221; global_colors_info=&#8221;{}&#8221; custom_padding__hover=&#8221;|||&#8221;][et_pb_text _builder_version=&#8221;4.19.5&#8243; text_font=&#8221;||||||||&#8221; text_text_color=&#8221;#676280&#8243; text_font_size=&#8221;12px&#8221; text_line_height=&#8221;2em&#8221; link_font=&#8221;||||on|||#a08fff|&#8221; link_text_color=&#8221;#a08fff&#8221; header_font=&#8221;||||||||&#8221; header_text_align=&#8221;left&#8221; header_3_font=&#8221;|700||on|||||&#8221; header_3_text_color=&#8221;#4a3f86&#8243; header_3_font_size=&#8221;12px&#8221; header_3_letter_spacing=&#8221;5px&#8221; header_3_line_height=&#8221;1.8em&#8221; text_orientation=&#8221;center&#8221; max_width_tablet=&#8221;70%&#8221; max_width_last_edited=&#8221;off|phone&#8221; animation_style=&#8221;slide&#8221; animation_delay=&#8221;1200ms&#8221; header_3_font_size_tablet=&#8221;&#8221; header_3_font_size_phone=&#8221;&#8221; header_3_font_size_last_edited=&#8221;on|desktop&#8221; locked=&#8221;off&#8221; global_colors_info=&#8221;{}&#8221;]<\/p>\n<p>All rights reserved, \u00a9 2023 &#8211; Designed by <a href=\"http:\/\/www.emat.me\/\">EMAT Digital Marketing<\/a><\/p>\n<p>[\/et_pb_text][\/et_pb_column][\/et_pb_row][\/et_pb_section]<\/p>\n","protected":false},"excerpt":{"rendered":"<p>Eulogies A showcase abou the education, the style and the life of\u00a0Fulvia Steardo FermiGALLERY<div class=\"et_pb_module dmg_masonry_gallery dmg_masonry_gallery_0\">\n\t\t\t\t\n\t\t\t\t\n\t\t\t\t\n\t\t\t\t\n\t\t\t\t\n\t\t\t\t\n\t\t\t\t<div class=\"et_pb_module_inner\">\n\t\t\t\t\t\n\t\t\t<div class=\"dmg-gallery-wrapper\">\n\t\t\t\t\n\t\t\t\t<div class=\"dmg-gallery dmg-modal-gallery \">\n\t\t\t\t\t<div class=\"dmg-gallery-sizer\"><\/div>\n\t\t\t\t\t<div class=\"dmg-gutter-sizer\"><\/div>\n\t\t\t\t\t\n\t\t\t\t\t\t\t<a data-width=\"980\" data-height=\"1310\" href=\"https:\/\/fulviasteardofermiart.it\/wp-content\/uploads\/2021\/06\/DSB_3024.jpg\"  data-categories=\"\" class=\"dmg_masonry_gallery_item \" >\n\t\t\t\t\t\t\t\t<img class=\"dmg-lazyload\" alt=\"\" data-src=\"https:\/\/fulviasteardofermiart.it\/wp-content\/uploads\/2021\/06\/DSB_3024.jpg\" width=\"980\" height=\"1310\" \/>\n\t\t\t\t\t\t\t\t<span class=\"et_overlay et_pb_inline_icon\" data-icon=\"&#x54;\"><\/span>\n\t\t\t\t\t\t\t<\/a>\n\t\t\t\t\t\t\t\n\t\t\t\t\t\t\t<a data-width=\"980\" data-height=\"733\" href=\"https:\/\/fulviasteardofermiart.it\/wp-content\/uploads\/2021\/06\/DSB_3026.jpg\"  data-categories=\"\" class=\"dmg_masonry_gallery_item \" >\n\t\t\t\t\t\t\t\t<img class=\"dmg-lazyload\" alt=\"\" data-src=\"https:\/\/fulviasteardofermiart.it\/wp-content\/uploads\/2021\/06\/DSB_3026.jpg\" width=\"980\" height=\"733\" \/>\n\t\t\t\t\t\t\t\t<span class=\"et_overlay et_pb_inline_icon\" data-icon=\"&#x54;\"><\/span>\n\t\t\t\t\t\t\t<\/a>\n\t\t\t\t\t\t\t\n\t\t\t\t\t\t\t<a data-width=\"828\" data-height=\"583\" href=\"https:\/\/fulviasteardofermiart.it\/wp-content\/uploads\/2021\/11\/superpopAttestato.jpg\"  data-categories=\"\" class=\"dmg_masonry_gallery_item \" >\n\t\t\t\t\t\t\t\t<img class=\"dmg-lazyload\" alt=\"\" data-src=\"https:\/\/fulviasteardofermiart.it\/wp-content\/uploads\/2021\/11\/superpopAttestato.jpg\" width=\"828\" height=\"583\" \/>\n\t\t\t\t\t\t\t\t<span class=\"et_overlay et_pb_inline_icon\" data-icon=\"&#x54;\"><\/span>\n\t\t\t\t\t\t\t<\/a>\n\t\t\t\t\t\t\t\n\t\t\t\t\t\t\t<a data-width=\"980\" data-height=\"1396\" href=\"https:\/\/fulviasteardofermiart.it\/wp-content\/uploads\/2021\/06\/DSB_3025.jpg\"  data-categories=\"\" class=\"dmg_masonry_gallery_item \" >\n\t\t\t\t\t\t\t\t<img class=\"dmg-lazyload\" alt=\"\" data-src=\"https:\/\/fulviasteardofermiart.it\/wp-content\/uploads\/2021\/06\/DSB_3025.jpg\" width=\"980\" height=\"1396\" \/>\n\t\t\t\t\t\t\t\t<span class=\"et_overlay et_pb_inline_icon\" data-icon=\"&#x54;\"><\/span>\n\t\t\t\t\t\t\t<\/a>\n\t\t\t\t\t\t\t\n\t\t\t\t\t\t\t<a data-width=\"980\" data-height=\"1386\" href=\"https:\/\/fulviasteardofermiart.it\/wp-content\/uploads\/2020\/10\/280D2F17-22B6-46A1-BDFC-C1998AD32B77.png\"  data-categories=\"\" class=\"dmg_masonry_gallery_item \" >\n\t\t\t\t\t\t\t\t<img class=\"dmg-lazyload\" alt=\"\" data-src=\"https:\/\/fulviasteardofermiart.it\/wp-content\/uploads\/2020\/10\/280D2F17-22B6-46A1-BDFC-C1998AD32B77.png\" width=\"980\" height=\"1386\" \/>\n\t\t\t\t\t\t\t\t<span class=\"et_overlay et_pb_inline_icon\" data-icon=\"&#x54;\"><\/span>\n\t\t\t\t\t\t\t<\/a>\n\t\t\t\t\t\t\t\n\t\t\t\t\t\t\t<a data-width=\"700\" data-height=\"986\" href=\"https:\/\/fulviasteardofermiart.it\/wp-content\/uploads\/2020\/10\/86eb6666-3b14-4f80-8623-e26e6ec2cf9a.jpg\"  data-categories=\"\" class=\"dmg_masonry_gallery_item \" >\n\t\t\t\t\t\t\t\t<img class=\"dmg-lazyload\" alt=\"\" data-src=\"https:\/\/fulviasteardofermiart.it\/wp-content\/uploads\/2020\/10\/86eb6666-3b14-4f80-8623-e26e6ec2cf9a.jpg\" width=\"700\" height=\"986\" \/>\n\t\t\t\t\t\t\t\t<span class=\"et_overlay et_pb_inline_icon\" data-icon=\"&#x54;\"><\/span>\n\t\t\t\t\t\t\t<\/a>\n\t\t\t\t\t\t\t\n\t\t\t\t\t\t\t<a data-width=\"980\" data-height=\"1440\" href=\"https:\/\/fulviasteardofermiart.it\/wp-content\/uploads\/2021\/06\/DSB_3023.jpg\"  data-categories=\"\" class=\"dmg_masonry_gallery_item \" >\n\t\t\t\t\t\t\t\t<img class=\"dmg-lazyload\" alt=\"\" data-src=\"https:\/\/fulviasteardofermiart.it\/wp-content\/uploads\/2021\/06\/DSB_3023.jpg\" width=\"980\" height=\"1440\" \/>\n\t\t\t\t\t\t\t\t<span class=\"et_overlay et_pb_inline_icon\" data-icon=\"&#x54;\"><\/span>\n\t\t\t\t\t\t\t<\/a>\n\t\t\t\t\t\t\t\n\t\t\t\t\t\t\t<a data-width=\"640\" data-height=\"454\" href=\"https:\/\/fulviasteardofermiart.it\/wp-content\/uploads\/2020\/10\/IMG-8326.jpg\"  data-categories=\"\" class=\"dmg_masonry_gallery_item \" >\n\t\t\t\t\t\t\t\t<img class=\"dmg-lazyload\" alt=\"\" data-src=\"https:\/\/fulviasteardofermiart.it\/wp-content\/uploads\/2020\/10\/IMG-8326.jpg\" width=\"640\" height=\"454\" \/>\n\t\t\t\t\t\t\t\t<span class=\"et_overlay et_pb_inline_icon\" data-icon=\"&#x54;\"><\/span>\n\t\t\t\t\t\t\t<\/a>\n\t\t\t\t\t\t\t\n\t\t\t\t\t\t\t<a data-width=\"781\" data-height=\"1024\" href=\"https:\/\/fulviasteardofermiart.it\/wp-content\/uploads\/2021\/08\/ad.jpeg\"  data-categories=\"\" class=\"dmg_masonry_gallery_item \" >\n\t\t\t\t\t\t\t\t<img class=\"dmg-lazyload\" alt=\"\" data-src=\"https:\/\/fulviasteardofermiart.it\/wp-content\/uploads\/2021\/08\/ad.jpeg\" width=\"781\" height=\"1024\" \/>\n\t\t\t\t\t\t\t\t<span class=\"et_overlay et_pb_inline_icon\" data-icon=\"&#x54;\"><\/span>\n\t\t\t\t\t\t\t<\/a>\n\t\t\t\t\t\t\t\n\t\t\t\t\t\t\t<a data-width=\"980\" data-height=\"1361\" href=\"https:\/\/fulviasteardofermiart.it\/wp-content\/uploads\/2020\/11\/f5125a59-5e16-4530-939d-4e185ba9bd0f.jpg\"  data-categories=\"\" class=\"dmg_masonry_gallery_item \" >\n\t\t\t\t\t\t\t\t<img class=\"dmg-lazyload\" alt=\"\" data-src=\"https:\/\/fulviasteardofermiart.it\/wp-content\/uploads\/2020\/11\/f5125a59-5e16-4530-939d-4e185ba9bd0f.jpg\" width=\"980\" height=\"1361\" \/>\n\t\t\t\t\t\t\t\t<span class=\"et_overlay et_pb_inline_icon\" data-icon=\"&#x54;\"><\/span>\n\t\t\t\t\t\t\t<\/a>\n\t\t\t\t\t\t\t\n\t\t\t\t\t\t\t<a data-width=\"751\" data-height=\"1001\" href=\"https:\/\/fulviasteardofermiart.it\/wp-content\/uploads\/2021\/03\/artistadellanno2020.jpg\"  data-categories=\"\" class=\"dmg_masonry_gallery_item \" >\n\t\t\t\t\t\t\t\t<img class=\"dmg-lazyload\" alt=\"\" data-src=\"https:\/\/fulviasteardofermiart.it\/wp-content\/uploads\/2021\/03\/artistadellanno2020.jpg\" width=\"751\" height=\"1001\" \/>\n\t\t\t\t\t\t\t\t<span class=\"et_overlay et_pb_inline_icon\" data-icon=\"&#x54;\"><\/span>\n\t\t\t\t\t\t\t<\/a>\n\t\t\t\t\t\t\t\n\t  \t\t\t<\/div>\n\t  \t\t\t\n  \t\t\t<\/div>\n  \t\t\t\n\t\t\t\t<\/div>\n\t\t\t<\/div>CRITICISML\u2019energia della materia si traduce in pura emozione. Quella di Fulvia Steardo Fermi \u00e8 un\u2019espressione pittorica di straordinaria scansione formale sempre tesa a stupirci, dove la gestualit\u00e0 dinamica [&hellip;]<\/p>\n","protected":false},"author":1,"featured_media":0,"parent":0,"menu_order":4,"comment_status":"closed","ping_status":"closed","template":"","meta":{"_et_pb_use_builder":"on","_et_pb_old_content":"","_et_gb_content_width":"","_monsterinsights_skip_tracking":false,"_monsterinsights_sitenote_active":false,"_monsterinsights_sitenote_note":"","_monsterinsights_sitenote_category":0,"footnotes":""},"class_list":["post-1434","page","type-page","status-publish","hentry"],"yoast_head":"<!-- This site is optimized with the Yoast SEO plugin v27.4 - https:\/\/yoast.com\/product\/yoast-seo-wordpress\/ -->\n<title>Eulogies | Fulvia Steardo Fermi Art<\/title>\n<meta name=\"robots\" content=\"index, follow, max-snippet:-1, max-image-preview:large, max-video-preview:-1\" \/>\n<link rel=\"canonical\" href=\"https:\/\/fulviasteardofermiart.it\/en\/eulogies\/\" \/>\n<meta property=\"og:locale\" content=\"en_US\" \/>\n<meta property=\"og:type\" content=\"article\" \/>\n<meta property=\"og:title\" content=\"Eulogies | Fulvia Steardo Fermi Art\" \/>\n<meta property=\"og:description\" content=\"Eulogies A showcase abou the education, the style and the life of\u00a0Fulvia Steardo FermiGALLERYCRITICISML\u2019energia della materia si traduce in pura emozione. Quella di Fulvia Steardo Fermi \u00e8 un\u2019espressione pittorica di straordinaria scansione formale sempre tesa a stupirci, dove la gestualit\u00e0 dinamica [&hellip;]\" \/>\n<meta property=\"og:url\" content=\"https:\/\/fulviasteardofermiart.it\/en\/eulogies\/\" \/>\n<meta property=\"og:site_name\" content=\"Fulvia Steardo Fermi Art\" \/>\n<meta property=\"article:modified_time\" content=\"2023-03-30T19:35:00+00:00\" \/>\n<meta property=\"og:image\" content=\"https:\/\/fulviasteardofermiart.it\/wp-content\/uploads\/2020\/04\/fulviasteardofermiart.it_.jpeg\" \/>\n\t<meta property=\"og:image:width\" content=\"1901\" \/>\n\t<meta property=\"og:image:height\" content=\"977\" \/>\n\t<meta property=\"og:image:type\" content=\"image\/jpeg\" \/>\n<meta name=\"twitter:card\" content=\"summary_large_image\" \/>\n<meta name=\"twitter:label1\" content=\"Est. reading time\" \/>\n\t<meta name=\"twitter:data1\" content=\"15 minutes\" \/>\n<script type=\"application\/ld+json\" class=\"yoast-schema-graph\">{\"@context\":\"https:\\\/\\\/schema.org\",\"@graph\":[{\"@type\":\"WebPage\",\"@id\":\"https:\\\/\\\/fulviasteardofermiart.it\\\/en\\\/eulogies\\\/\",\"url\":\"https:\\\/\\\/fulviasteardofermiart.it\\\/en\\\/eulogies\\\/\",\"name\":\"Eulogies | Fulvia Steardo Fermi Art\",\"isPartOf\":{\"@id\":\"https:\\\/\\\/fulviasteardofermiart.it\\\/en\\\/#website\"},\"datePublished\":\"2020-12-16T13:40:26+00:00\",\"dateModified\":\"2023-03-30T19:35:00+00:00\",\"breadcrumb\":{\"@id\":\"https:\\\/\\\/fulviasteardofermiart.it\\\/en\\\/eulogies\\\/#breadcrumb\"},\"inLanguage\":\"en-US\",\"potentialAction\":[{\"@type\":\"ReadAction\",\"target\":[\"https:\\\/\\\/fulviasteardofermiart.it\\\/en\\\/eulogies\\\/\"]}]},{\"@type\":\"BreadcrumbList\",\"@id\":\"https:\\\/\\\/fulviasteardofermiart.it\\\/en\\\/eulogies\\\/#breadcrumb\",\"itemListElement\":[{\"@type\":\"ListItem\",\"position\":1,\"name\":\"Home\",\"item\":\"https:\\\/\\\/fulviasteardofermiart.it\\\/en\\\/\"},{\"@type\":\"ListItem\",\"position\":2,\"name\":\"Eulogies\"}]},{\"@type\":\"WebSite\",\"@id\":\"https:\\\/\\\/fulviasteardofermiart.it\\\/en\\\/#website\",\"url\":\"https:\\\/\\\/fulviasteardofermiart.it\\\/en\\\/\",\"name\":\"Fulvia Steardo Fermi Art\",\"description\":\"Una vera passione per l&#039;arte\",\"publisher\":{\"@id\":\"https:\\\/\\\/fulviasteardofermiart.it\\\/en\\\/#organization\"},\"potentialAction\":[{\"@type\":\"SearchAction\",\"target\":{\"@type\":\"EntryPoint\",\"urlTemplate\":\"https:\\\/\\\/fulviasteardofermiart.it\\\/en\\\/?s={search_term_string}\"},\"query-input\":{\"@type\":\"PropertyValueSpecification\",\"valueRequired\":true,\"valueName\":\"search_term_string\"}}],\"inLanguage\":\"en-US\"},{\"@type\":\"Organization\",\"@id\":\"https:\\\/\\\/fulviasteardofermiart.it\\\/en\\\/#organization\",\"name\":\"Fulvia Steardo Fermi Art\",\"url\":\"https:\\\/\\\/fulviasteardofermiart.it\\\/en\\\/\",\"logo\":{\"@type\":\"ImageObject\",\"inLanguage\":\"en-US\",\"@id\":\"https:\\\/\\\/fulviasteardofermiart.it\\\/en\\\/#\\\/schema\\\/logo\\\/image\\\/\",\"url\":\"https:\\\/\\\/fulviasteardofermiart.it\\\/wp-content\\\/uploads\\\/2020\\\/03\\\/favicon.png\",\"contentUrl\":\"https:\\\/\\\/fulviasteardofermiart.it\\\/wp-content\\\/uploads\\\/2020\\\/03\\\/favicon.png\",\"width\":300,\"height\":300,\"caption\":\"Fulvia Steardo Fermi Art\"},\"image\":{\"@id\":\"https:\\\/\\\/fulviasteardofermiart.it\\\/en\\\/#\\\/schema\\\/logo\\\/image\\\/\"},\"sameAs\":[\"https:\\\/\\\/www.instagram.com\\\/steardofermiart\\\/\"]}]}<\/script>\n<!-- \/ Yoast SEO plugin. -->","yoast_head_json":{"title":"Eulogies | Fulvia Steardo Fermi Art","robots":{"index":"index","follow":"follow","max-snippet":"max-snippet:-1","max-image-preview":"max-image-preview:large","max-video-preview":"max-video-preview:-1"},"canonical":"https:\/\/fulviasteardofermiart.it\/en\/eulogies\/","og_locale":"en_US","og_type":"article","og_title":"Eulogies | Fulvia Steardo Fermi Art","og_description":"Eulogies A showcase abou the education, the style and the life of\u00a0Fulvia Steardo FermiGALLERYCRITICISML\u2019energia della materia si traduce in pura emozione. Quella di Fulvia Steardo Fermi \u00e8 un\u2019espressione pittorica di straordinaria scansione formale sempre tesa a stupirci, dove la gestualit\u00e0 dinamica [&hellip;]","og_url":"https:\/\/fulviasteardofermiart.it\/en\/eulogies\/","og_site_name":"Fulvia Steardo Fermi Art","article_modified_time":"2023-03-30T19:35:00+00:00","og_image":[{"width":1901,"height":977,"url":"https:\/\/fulviasteardofermiart.it\/wp-content\/uploads\/2020\/04\/fulviasteardofermiart.it_.jpeg","type":"image\/jpeg"}],"twitter_card":"summary_large_image","twitter_misc":{"Est. reading time":"15 minutes"},"schema":{"@context":"https:\/\/schema.org","@graph":[{"@type":"WebPage","@id":"https:\/\/fulviasteardofermiart.it\/en\/eulogies\/","url":"https:\/\/fulviasteardofermiart.it\/en\/eulogies\/","name":"Eulogies | Fulvia Steardo Fermi Art","isPartOf":{"@id":"https:\/\/fulviasteardofermiart.it\/en\/#website"},"datePublished":"2020-12-16T13:40:26+00:00","dateModified":"2023-03-30T19:35:00+00:00","breadcrumb":{"@id":"https:\/\/fulviasteardofermiart.it\/en\/eulogies\/#breadcrumb"},"inLanguage":"en-US","potentialAction":[{"@type":"ReadAction","target":["https:\/\/fulviasteardofermiart.it\/en\/eulogies\/"]}]},{"@type":"BreadcrumbList","@id":"https:\/\/fulviasteardofermiart.it\/en\/eulogies\/#breadcrumb","itemListElement":[{"@type":"ListItem","position":1,"name":"Home","item":"https:\/\/fulviasteardofermiart.it\/en\/"},{"@type":"ListItem","position":2,"name":"Eulogies"}]},{"@type":"WebSite","@id":"https:\/\/fulviasteardofermiart.it\/en\/#website","url":"https:\/\/fulviasteardofermiart.it\/en\/","name":"Fulvia Steardo Fermi Art","description":"Una vera passione per l&#039;arte","publisher":{"@id":"https:\/\/fulviasteardofermiart.it\/en\/#organization"},"potentialAction":[{"@type":"SearchAction","target":{"@type":"EntryPoint","urlTemplate":"https:\/\/fulviasteardofermiart.it\/en\/?s={search_term_string}"},"query-input":{"@type":"PropertyValueSpecification","valueRequired":true,"valueName":"search_term_string"}}],"inLanguage":"en-US"},{"@type":"Organization","@id":"https:\/\/fulviasteardofermiart.it\/en\/#organization","name":"Fulvia Steardo Fermi Art","url":"https:\/\/fulviasteardofermiart.it\/en\/","logo":{"@type":"ImageObject","inLanguage":"en-US","@id":"https:\/\/fulviasteardofermiart.it\/en\/#\/schema\/logo\/image\/","url":"https:\/\/fulviasteardofermiart.it\/wp-content\/uploads\/2020\/03\/favicon.png","contentUrl":"https:\/\/fulviasteardofermiart.it\/wp-content\/uploads\/2020\/03\/favicon.png","width":300,"height":300,"caption":"Fulvia Steardo Fermi Art"},"image":{"@id":"https:\/\/fulviasteardofermiart.it\/en\/#\/schema\/logo\/image\/"},"sameAs":["https:\/\/www.instagram.com\/steardofermiart\/"]}]}},"_links":{"self":[{"href":"https:\/\/fulviasteardofermiart.it\/en\/wp-json\/wp\/v2\/pages\/1434","targetHints":{"allow":["GET"]}}],"collection":[{"href":"https:\/\/fulviasteardofermiart.it\/en\/wp-json\/wp\/v2\/pages"}],"about":[{"href":"https:\/\/fulviasteardofermiart.it\/en\/wp-json\/wp\/v2\/types\/page"}],"author":[{"embeddable":true,"href":"https:\/\/fulviasteardofermiart.it\/en\/wp-json\/wp\/v2\/users\/1"}],"replies":[{"embeddable":true,"href":"https:\/\/fulviasteardofermiart.it\/en\/wp-json\/wp\/v2\/comments?post=1434"}],"version-history":[{"count":19,"href":"https:\/\/fulviasteardofermiart.it\/en\/wp-json\/wp\/v2\/pages\/1434\/revisions"}],"predecessor-version":[{"id":2670,"href":"https:\/\/fulviasteardofermiart.it\/en\/wp-json\/wp\/v2\/pages\/1434\/revisions\/2670"}],"wp:attachment":[{"href":"https:\/\/fulviasteardofermiart.it\/en\/wp-json\/wp\/v2\/media?parent=1434"}],"curies":[{"name":"wp","href":"https:\/\/api.w.org\/{rel}","templated":true}]}}